{"id":1849,"date":"2022-12-08T11:21:49","date_gmt":"2022-12-08T11:21:49","guid":{"rendered":"https:\/\/www.forus.fi\/?page_id=1849"},"modified":"2022-12-15T21:34:54","modified_gmt":"2022-12-15T19:34:54","slug":"miten-kasvava-hiilidioksidin-maara-vaikuttaa-meidan-fyysiseen-ja-psyykkiseen-terveyteemme","status":"publish","type":"page","link":"https:\/\/www.forus.fi\/fi\/ajankohtaista\/miten-kasvava-hiilidioksidin-maara-vaikuttaa-meidan-fyysiseen-ja-psyykkiseen-terveyteemme\/","title":{"rendered":"Miten kasvava hiilidioksidin m\u00e4\u00e4r\u00e4 vaikuttaa meid\u00e4n fyysiseen ja psyykkiseen terveyteemme?"},"content":{"rendered":"\t\t<div data-elementor-type=\"wp-page\" data-elementor-id=\"1849\" class=\"elementor elementor-1849\" data-elementor-post-type=\"page\">\n\t\t\t\t\t\t<section class=\"elementor-section elementor-top-section elementor-element elementor-element-3efa5957 elementor-section-height-min-height elementor-section-boxed elementor-section-height-default elementor-section-items-middle\" data-id=\"3efa5957\" data-element_type=\"section\" data-settings=\"{&quot;background_background&quot;:&quot;classic&quot;}\">\n\t\t\t\t\t\t<div class=\"elementor-container elementor-column-gap-default\">\n\t\t\t\t\t<div class=\"elementor-column elementor-col-100 elementor-top-column elementor-element elementor-element-4b49664a animated-slow elementor-invisible\" data-id=\"4b49664a\" data-element_type=\"column\" data-settings=\"{&quot;animation&quot;:&quot;fadeInUp&quot;,&quot;animation_delay&quot;:500}\">\n\t\t\t<div class=\"elementor-widget-wrap elementor-element-populated\">\n\t\t\t\t\t\t<div class=\"elementor-element elementor-element-4874a752 elementor-widget elementor-widget-heading\" data-id=\"4874a752\" data-element_type=\"widget\" data-widget_type=\"heading.default\">\n\t\t\t\t<div class=\"elementor-widget-container\">\n\t\t\t<h1 class=\"elementor-heading-title elementor-size-default\">Hiilen talteenotto<\/h1>\t\t<\/div>\n\t\t\t\t<\/div>\n\t\t\t\t\t<\/div>\n\t\t<\/div>\n\t\t\t\t\t<\/div>\n\t\t<\/section>\n\t\t\t\t<section class=\"elementor-section elementor-top-section elementor-element elementor-element-3f70d527 elementor-section-content-middle elementor-section-boxed elementor-section-height-default elementor-section-height-default\" data-id=\"3f70d527\" data-element_type=\"section\" data-settings=\"{&quot;background_background&quot;:&quot;classic&quot;}\">\n\t\t\t\t\t\t<div class=\"elementor-container elementor-column-gap-default\">\n\t\t\t\t\t<div class=\"elementor-column elementor-col-100 elementor-top-column elementor-element elementor-element-1985f9fd\" data-id=\"1985f9fd\" data-element_type=\"column\">\n\t\t\t<div class=\"elementor-widget-wrap elementor-element-populated\">\n\t\t\t\t\t\t<div class=\"elementor-element elementor-element-117c47b6 elementor-widget elementor-widget-heading\" data-id=\"117c47b6\" data-element_type=\"widget\" data-widget_type=\"heading.default\">\n\t\t\t\t<div class=\"elementor-widget-container\">\n\t\t\t<h1 class=\"elementor-heading-title elementor-size-default\">Miten kasvava hiilidioksidin m\u00e4\u00e4r\u00e4 vaikuttaa meid\u00e4n fyysiseen ja psyykkiseen terveyteemme?<\/h1>\t\t<\/div>\n\t\t\t\t<\/div>\n\t\t\t\t\t<\/div>\n\t\t<\/div>\n\t\t\t\t\t<\/div>\n\t\t<\/section>\n\t\t\t\t<section class=\"elementor-section elementor-top-section elementor-element elementor-element-60187b1a elementor-section-content-middle elementor-reverse-tablet elementor-reverse-mobile elementor-section-boxed elementor-section-height-default elementor-section-height-default\" data-id=\"60187b1a\" data-element_type=\"section\" data-settings=\"{&quot;background_background&quot;:&quot;classic&quot;}\">\n\t\t\t\t\t\t\t<div class=\"elementor-background-overlay\"><\/div>\n\t\t\t\t\t\t\t<div class=\"elementor-container elementor-column-gap-default\">\n\t\t\t\t\t<div class=\"elementor-column elementor-col-100 elementor-top-column elementor-element elementor-element-43bb8c4b\" data-id=\"43bb8c4b\" data-element_type=\"column\">\n\t\t\t<div class=\"elementor-widget-wrap elementor-element-populated\">\n\t\t\t\t\t\t<div class=\"elementor-element elementor-element-65046746 elementor-widget elementor-widget-text-editor\" data-id=\"65046746\" data-element_type=\"widget\" data-widget_type=\"text-editor.default\">\n\t\t\t\t<div class=\"elementor-widget-container\">\n\t\t\t\t\t\t\t<p><span style=\"color: var( --e-global-color-3894447 ); font-size: 1rem;\">Ennen teollisen aikakauden alkua maapallon ilmakeh\u00e4ss\u00e4 oli 280 miljoonasosaa (ppm) hiilidioksidia. Vuonna 2021 m\u00e4\u00e4r\u00e4 oli jo 419 miljoonasosaa. Kansainv\u00e4linen ilmastopolitiikka l\u00e4htee siit\u00e4, ettei ilmakeh\u00e4n hiilidioksidipitoisuus saisi nousta 450 ppm:\u00e4\u00e4 ylemm\u00e4s.<\/span><\/p><p>Maailman tunnetuimman ilmastotutkijan, pitk\u00e4\u00e4n Nasassa vaikuttaneen James Hansenin mukaan t\u00e4m\u00e4 ei ole riitt\u00e4v\u00e4 tavoite. Hansenin mukaan ilmakeh\u00e4n hiilidioksidipitoisuus pit\u00e4\u00e4 palauttaa takaisin 350 miljoonasosan alle. Muuten planeettamme l\u00e4mp\u00f6tila nousee paleoklimatologisen eli ilmastohistoriallisen todistusaineiston mukaan muutaman vuosisadan kuluessa useilla asteilla ja meren pinta ainakin 20 metrill\u00e4.<\/p><p>Toisin sanoen meid\u00e4n t\u00e4ytyy p\u00e4\u00e4st\u00f6jen v\u00e4hent\u00e4misen ohella my\u00f6s poistaa ilmakeh\u00e4st\u00e4 sinne jo laskemaamme hiilidioksidia. Voimme kasvattaa puuta ja muuta biomassaa ja varastoida sit\u00e4 esimerkiksi suolaliuoksiin, aavikoille tai soihin. Tai voimme nopeuttaa erilaisten hiilidioksidia ilmasta poistavien mineraalien rapautumista ja kemiallista eroosiota. My\u00f6s suomalaisen Soletair \u2013start up-yhti\u00f6n sis\u00e4ilmaa puhdistavat laitteet osallistuvat talkoisiin. Soletair sanoo, ett\u00e4 menetelm\u00e4n k\u00e4ytt\u00f6 poistaisi ilmakeh\u00e4st\u00e4 noin 300 kiloa hiilidioksidia p\u00e4iv\u00e4ss\u00e4 eli noin 100 tonnia vuodessa kutakin keskikokoista toimistorakennusta kohti. Samalla sis\u00e4ilman hiilidioksidipitoisuus laskee ihmisen aivotoiminnan kannalta suotuisammalle tasolle.<\/p>\t\t\t\t\t\t<\/div>\n\t\t\t\t<\/div>\n\t\t\t\t\t<\/div>\n\t\t<\/div>\n\t\t\t\t\t<\/div>\n\t\t<\/section>\n\t\t\t\t<section class=\"elementor-section elementor-top-section elementor-element elementor-element-5df2ba11 elementor-section-height-min-height elementor-section-boxed elementor-section-height-default elementor-section-items-middle\" data-id=\"5df2ba11\" data-element_type=\"section\" data-settings=\"{&quot;background_background&quot;:&quot;classic&quot;}\">\n\t\t\t\t\t\t\t<div class=\"elementor-background-overlay\"><\/div>\n\t\t\t\t\t\t\t<div class=\"elementor-container elementor-column-gap-default\">\n\t\t\t\t\t<div class=\"elementor-column elementor-col-100 elementor-top-column elementor-element elementor-element-76509f0f elementor-invisible\" data-id=\"76509f0f\" data-element_type=\"column\" data-settings=\"{&quot;background_background&quot;:&quot;classic&quot;,&quot;animation&quot;:&quot;fadeIn&quot;}\">\n\t\t\t<div class=\"elementor-widget-wrap elementor-element-populated\">\n\t\t\t\t\t\t<div class=\"elementor-element elementor-element-434c889a elementor-widget elementor-widget-heading\" data-id=\"434c889a\" data-element_type=\"widget\" data-widget_type=\"heading.default\">\n\t\t\t\t<div class=\"elementor-widget-container\">\n\t\t\t<p class=\"elementor-heading-title elementor-size-default\">Forus Oy:n toimistolla on yksi maailman 15:sta Soletairin laitteesta, jolla hiilidioksidia poistetaan hengitysilmasta. \n\n<\/p>\t\t<\/div>\n\t\t\t\t<\/div>\n\t\t\t\t\t<\/div>\n\t\t<\/div>\n\t\t\t\t\t<\/div>\n\t\t<\/section>\n\t\t\t\t<section class=\"elementor-section elementor-top-section elementor-element elementor-element-1d379448 elementor-section-content-middle elementor-reverse-tablet elementor-reverse-mobile elementor-section-boxed elementor-section-height-default elementor-section-height-default\" data-id=\"1d379448\" data-element_type=\"section\" data-settings=\"{&quot;background_background&quot;:&quot;classic&quot;}\">\n\t\t\t\t\t\t\t<div class=\"elementor-background-overlay\"><\/div>\n\t\t\t\t\t\t\t<div class=\"elementor-container elementor-column-gap-default\">\n\t\t\t\t\t<div class=\"elementor-column elementor-col-100 elementor-top-column elementor-element elementor-element-3c70a3d2\" data-id=\"3c70a3d2\" data-element_type=\"column\">\n\t\t\t<div class=\"elementor-widget-wrap elementor-element-populated\">\n\t\t\t\t\t\t<div class=\"elementor-element elementor-element-607aa8b6 elementor-widget elementor-widget-heading\" data-id=\"607aa8b6\" data-element_type=\"widget\" data-widget_type=\"heading.default\">\n\t\t\t\t<div class=\"elementor-widget-container\">\n\t\t\t<h2 class=\"elementor-heading-title elementor-size-default\">SOLETAIR PARANTAA MY\u00d6S AIVOTOIMINTAA<\/h2>\t\t<\/div>\n\t\t\t\t<\/div>\n\t\t\t\t<div class=\"elementor-element elementor-element-767e75fa elementor-widget elementor-widget-text-editor\" data-id=\"767e75fa\" data-element_type=\"widget\" data-widget_type=\"text-editor.default\">\n\t\t\t\t<div class=\"elementor-widget-container\">\n\t\t\t\t\t\t\t<p>Tutkimusten mukaan ihmisen kognitiiviset kyvyt laskevat noin 20 prosentilla aina kun ilman hiilidioksidipitoisuus kasvaa 400 miljoonasosalla. Ihminen on alun perin sopeutunut noin 280 ppm:n suuruiseen hiilidioksidipitoisuuteen. Sis\u00e4ilmassa on kuitenkin usein yli 1 000 miljoonasosaa hiilidioksidia, ilmanvaihdosta huolimatta.<\/p>\n<p>Jos ilmakeh\u00e4n hiilidioksidipitoisuus kasvaa viel\u00e4 selv\u00e4sti nykyist\u00e4 suuremmaksi, sis\u00e4ilman korkean laadun yll\u00e4pit\u00e4minen pelk\u00e4n ilmanvaihdon avulla muuttuu mahdottomaksi.<\/p><p><span style=\"color: var( --e-global-color-3894447 ); font-size: 1rem;\">Kirjoittanut:<\/span><\/p>\n<p>Tiedetoimittaja, Risto Isom\u00e4ki, 30.5.2022, Hanko<\/p>\t\t\t\t\t\t<\/div>\n\t\t\t\t<\/div>\n\t\t\t\t\t<\/div>\n\t\t<\/div>\n\t\t\t\t\t<\/div>\n\t\t<\/section>\n\t\t\t\t<section class=\"elementor-section elementor-top-section elementor-element elementor-element-b015977 elementor-section-full_width elementor-section-height-default elementor-section-height-default\" data-id=\"b015977\" data-element_type=\"section\" data-settings=\"{&quot;background_background&quot;:&quot;classic&quot;}\">\n\t\t\t\t\t\t<div class=\"elementor-container elementor-column-gap-default\">\n\t\t\t\t\t<div class=\"elementor-column elementor-col-100 elementor-top-column elementor-element elementor-element-f4272f0\" data-id=\"f4272f0\" data-element_type=\"column\">\n\t\t\t<div class=\"elementor-widget-wrap elementor-element-populated\">\n\t\t\t\t\t\t<div class=\"elementor-element elementor-element-adda0fd elementor-widget elementor-widget-heading\" data-id=\"adda0fd\" data-element_type=\"widget\" data-widget_type=\"heading.default\">\n\t\t\t\t<div class=\"elementor-widget-container\">\n\t\t\t<h2 class=\"elementor-heading-title elementor-size-default\">Muut Risto Isom\u00e4en kirjoitukset <\/h2>\t\t<\/div>\n\t\t\t\t<\/div>\n\t\t\t\t<section class=\"elementor-section elementor-inner-section elementor-element elementor-element-3da896c elementor-section-content-space-between elementor-section-boxed elementor-section-height-default elementor-section-height-default\" data-id=\"3da896c\" data-element_type=\"section\">\n\t\t\t\t\t\t<div class=\"elementor-container elementor-column-gap-default\">\n\t\t\t\t\t<div class=\"elementor-column elementor-col-25 elementor-inner-column elementor-element elementor-element-66b787e\" data-id=\"66b787e\" data-element_type=\"column\">\n\t\t\t<div class=\"elementor-widget-wrap elementor-element-populated\">\n\t\t\t\t\t\t<div class=\"elementor-element elementor-element-19812c8 elementor-widget elementor-widget-image\" data-id=\"19812c8\" data-element_type=\"widget\" data-widget_type=\"image.default\">\n\t\t\t\t<div class=\"elementor-widget-container\">\n\t\t\t\t\t\t\t\t\t\t\t\t\t<img decoding=\"async\" src=\"https:\/\/www.forus.fi\/wp-content\/uploads\/elementor\/thumbs\/Suot-Forus-pyux3w16gcq7pe96m8wc173sdrj84rjzkkig5xfa1s.jpeg\" title=\"Suot Forus\" alt=\"Suot Forus\" loading=\"lazy\" \/>\t\t\t\t\t\t\t\t\t\t\t\t\t<\/div>\n\t\t\t\t<\/div>\n\t\t\t\t<div class=\"elementor-element elementor-element-05528af elementor-widget elementor-widget-heading\" data-id=\"05528af\" data-element_type=\"widget\" data-widget_type=\"heading.default\">\n\t\t\t\t<div class=\"elementor-widget-container\">\n\t\t\t<h3 class=\"elementor-heading-title elementor-size-default\">Suot - Suomen suurin hiilivarasto\n<\/h3>\t\t<\/div>\n\t\t\t\t<\/div>\n\t\t\t\t<div class=\"elementor-element elementor-element-8a0e712 elementor-widget elementor-widget-button\" data-id=\"8a0e712\" data-element_type=\"widget\" data-widget_type=\"button.default\">\n\t\t\t\t<div class=\"elementor-widget-container\">\n\t\t\t\t\t\t\t<div class=\"elementor-button-wrapper\">\n\t\t\t\t\t<a class=\"elementor-button elementor-button-link elementor-size-sm\" href=\"https:\/\/www.forus.fi\/ajankohtaista\/suomen-suurin-hiilivarasto\/\">\n\t\t\t\t\t\t<span class=\"elementor-button-content-wrapper\">\n\t\t\t\t\t\t<span class=\"elementor-button-icon\">\n\t\t\t\t<svg xmlns=\"http:\/\/www.w3.org\/2000\/svg\" id=\"Layer_2\" viewBox=\"0 0 253.98 121.06\"><g id=\"Layer_1-2\"><g><path d=\"M138.46,31.94l-34.33,8.51c-6.2-9.16-17.5-13.59-31.87-13.54-22.25,.08-37.04,10.81-36.96,33.11l.17,49.87c.02,6.12-4.93,11.11-11.06,11.13l-13.1,.04c-6.12,.02-11.11-4.93-11.13-11.05L0,60.14C-.13,20.75,28.86,.72,72.16,.58c14.36-.05,27.16,2.13,37.86,6.48,12.78,5.21,22.57,13.52,28.44,24.88Z\"><\/path><path d=\"M253.81,11.06l.17,49.87c.13,39.15-28.87,59.4-72.16,59.55-14.37,.05-27.18-2.1-37.88-6.44-20.1-8.14-32.78-23.97-34.48-47.39v-2.16s35.08-8.7,35.08-8.7l.02,5.51c0,1.4,.07,2.74,.19,4.05,1.77,19.54,16.14,28.87,36.99,28.8,22.24-.08,37.03-10.8,36.96-33.1l-.17-49.87c-.02-6.13,4.93-11.12,11.06-11.14L242.67,0c6.13-.02,11.12,4.93,11.14,11.06Z\"><\/path><\/g><\/g><\/svg>\t\t\t<\/span>\n\t\t\t\t\t\t\t\t\t<span class=\"elementor-button-text\">Lue lis\u00e4\u00e4<\/span>\n\t\t\t\t\t<\/span>\n\t\t\t\t\t<\/a>\n\t\t\t\t<\/div>\n\t\t\t\t\t\t<\/div>\n\t\t\t\t<\/div>\n\t\t\t\t\t<\/div>\n\t\t<\/div>\n\t\t\t\t<div class=\"elementor-column elementor-col-25 elementor-inner-column elementor-element elementor-element-985ae02\" data-id=\"985ae02\" data-element_type=\"column\">\n\t\t\t<div class=\"elementor-widget-wrap elementor-element-populated\">\n\t\t\t\t\t\t<div class=\"elementor-element elementor-element-4d42c2b elementor-widget elementor-widget-image\" data-id=\"4d42c2b\" data-element_type=\"widget\" data-widget_type=\"image.default\">\n\t\t\t\t<div class=\"elementor-widget-container\">\n\t\t\t\t\t\t\t\t\t\t\t\t\t<img decoding=\"async\" src=\"https:\/\/www.forus.fi\/wp-content\/uploads\/elementor\/thumbs\/Punapuu-Forus-pyux5dlz9wrk363cxe22hbl28q75bigorxp4ip7u74.jpeg\" title=\"Punapuu Forus\" alt=\"Punapuu Forus\" loading=\"lazy\" \/>\t\t\t\t\t\t\t\t\t\t\t\t\t<\/div>\n\t\t\t\t<\/div>\n\t\t\t\t<div class=\"elementor-element elementor-element-76f6554 elementor-widget elementor-widget-heading\" data-id=\"76f6554\" data-element_type=\"widget\" data-widget_type=\"heading.default\">\n\t\t\t\t<div class=\"elementor-widget-container\">\n\t\t\t<h3 class=\"elementor-heading-title elementor-size-default\">Punapuut - Dinosaurusten puut sitovat eniten hiilt\u00e4\n<\/h3>\t\t<\/div>\n\t\t\t\t<\/div>\n\t\t\t\t<div class=\"elementor-element elementor-element-4d6908e elementor-widget elementor-widget-button\" data-id=\"4d6908e\" data-element_type=\"widget\" data-widget_type=\"button.default\">\n\t\t\t\t<div class=\"elementor-widget-container\">\n\t\t\t\t\t\t\t<div class=\"elementor-button-wrapper\">\n\t\t\t\t\t<a class=\"elementor-button elementor-button-link elementor-size-sm\" href=\"https:\/\/www.forus.fi\/ajankohtaista\/dinosaurusten-puut-sitovat-eniten-hiilta\/\" target=\"_blank\">\n\t\t\t\t\t\t<span class=\"elementor-button-content-wrapper\">\n\t\t\t\t\t\t<span class=\"elementor-button-icon\">\n\t\t\t\t<svg xmlns=\"http:\/\/www.w3.org\/2000\/svg\" id=\"Layer_2\" viewBox=\"0 0 253.98 121.06\"><g id=\"Layer_1-2\"><g><path d=\"M138.46,31.94l-34.33,8.51c-6.2-9.16-17.5-13.59-31.87-13.54-22.25,.08-37.04,10.81-36.96,33.11l.17,49.87c.02,6.12-4.93,11.11-11.06,11.13l-13.1,.04c-6.12,.02-11.11-4.93-11.13-11.05L0,60.14C-.13,20.75,28.86,.72,72.16,.58c14.36-.05,27.16,2.13,37.86,6.48,12.78,5.21,22.57,13.52,28.44,24.88Z\"><\/path><path d=\"M253.81,11.06l.17,49.87c.13,39.15-28.87,59.4-72.16,59.55-14.37,.05-27.18-2.1-37.88-6.44-20.1-8.14-32.78-23.97-34.48-47.39v-2.16s35.08-8.7,35.08-8.7l.02,5.51c0,1.4,.07,2.74,.19,4.05,1.77,19.54,16.14,28.87,36.99,28.8,22.24-.08,37.03-10.8,36.96-33.1l-.17-49.87c-.02-6.13,4.93-11.12,11.06-11.14L242.67,0c6.13-.02,11.12,4.93,11.14,11.06Z\"><\/path><\/g><\/g><\/svg>\t\t\t<\/span>\n\t\t\t\t\t\t\t\t\t<span class=\"elementor-button-text\">Lue lis\u00e4\u00e4<\/span>\n\t\t\t\t\t<\/span>\n\t\t\t\t\t<\/a>\n\t\t\t\t<\/div>\n\t\t\t\t\t\t<\/div>\n\t\t\t\t<\/div>\n\t\t\t\t\t<\/div>\n\t\t<\/div>\n\t\t\t\t<div class=\"elementor-column elementor-col-25 elementor-inner-column elementor-element elementor-element-903f635\" data-id=\"903f635\" data-element_type=\"column\">\n\t\t\t<div class=\"elementor-widget-wrap elementor-element-populated\">\n\t\t\t\t\t\t<div class=\"elementor-element elementor-element-352e05d elementor-widget elementor-widget-image\" data-id=\"352e05d\" data-element_type=\"widget\" data-widget_type=\"image.default\">\n\t\t\t\t<div class=\"elementor-widget-container\">\n\t\t\t\t\t\t\t\t\t\t\t\t\t<img decoding=\"async\" src=\"https:\/\/www.forus.fi\/wp-content\/uploads\/elementor\/thumbs\/1667285581132-pyuwoo19rxw1oqd6i60u5je224k8h84h586ddlzstc.jpeg\" title=\"1667285581132\" alt=\"1667285581132\" loading=\"lazy\" \/>\t\t\t\t\t\t\t\t\t\t\t\t\t<\/div>\n\t\t\t\t<\/div>\n\t\t\t\t<div class=\"elementor-element elementor-element-577b97e elementor-widget elementor-widget-heading\" data-id=\"577b97e\" data-element_type=\"widget\" data-widget_type=\"heading.default\">\n\t\t\t\t<div class=\"elementor-widget-container\">\n\t\t\t<h3 class=\"elementor-heading-title elementor-size-default\">Jalava - Ilmasto hy\u00f6tyy suurien lehtipuiden lis\u00e4\u00e4misest\u00e4 Suomessa\n<\/h3>\t\t<\/div>\n\t\t\t\t<\/div>\n\t\t\t\t<div class=\"elementor-element elementor-element-7d10703 elementor-widget elementor-widget-button\" data-id=\"7d10703\" data-element_type=\"widget\" data-widget_type=\"button.default\">\n\t\t\t\t<div class=\"elementor-widget-container\">\n\t\t\t\t\t\t\t<div class=\"elementor-button-wrapper\">\n\t\t\t\t\t<a class=\"elementor-button elementor-button-link elementor-size-sm\" href=\"https:\/\/www.forus.fi\/ajankohtaista\/jalava\/\">\n\t\t\t\t\t\t<span class=\"elementor-button-content-wrapper\">\n\t\t\t\t\t\t<span class=\"elementor-button-icon\">\n\t\t\t\t<svg xmlns=\"http:\/\/www.w3.org\/2000\/svg\" id=\"Layer_2\" viewBox=\"0 0 253.98 121.06\"><g id=\"Layer_1-2\"><g><path d=\"M138.46,31.94l-34.33,8.51c-6.2-9.16-17.5-13.59-31.87-13.54-22.25,.08-37.04,10.81-36.96,33.11l.17,49.87c.02,6.12-4.93,11.11-11.06,11.13l-13.1,.04c-6.12,.02-11.11-4.93-11.13-11.05L0,60.14C-.13,20.75,28.86,.72,72.16,.58c14.36-.05,27.16,2.13,37.86,6.48,12.78,5.21,22.57,13.52,28.44,24.88Z\"><\/path><path d=\"M253.81,11.06l.17,49.87c.13,39.15-28.87,59.4-72.16,59.55-14.37,.05-27.18-2.1-37.88-6.44-20.1-8.14-32.78-23.97-34.48-47.39v-2.16s35.08-8.7,35.08-8.7l.02,5.51c0,1.4,.07,2.74,.19,4.05,1.77,19.54,16.14,28.87,36.99,28.8,22.24-.08,37.03-10.8,36.96-33.1l-.17-49.87c-.02-6.13,4.93-11.12,11.06-11.14L242.67,0c6.13-.02,11.12,4.93,11.14,11.06Z\"><\/path><\/g><\/g><\/svg>\t\t\t<\/span>\n\t\t\t\t\t\t\t\t\t<span class=\"elementor-button-text\">Lue lis\u00e4\u00e4<\/span>\n\t\t\t\t\t<\/span>\n\t\t\t\t\t<\/a>\n\t\t\t\t<\/div>\n\t\t\t\t\t\t<\/div>\n\t\t\t\t<\/div>\n\t\t\t\t\t<\/div>\n\t\t<\/div>\n\t\t\t\t<div class=\"elementor-column elementor-col-25 elementor-inner-column elementor-element elementor-element-2408b01\" data-id=\"2408b01\" data-element_type=\"column\">\n\t\t\t<div class=\"elementor-widget-wrap elementor-element-populated\">\n\t\t\t\t\t\t<div class=\"elementor-element elementor-element-00a1c2b elementor-widget elementor-widget-image\" data-id=\"00a1c2b\" data-element_type=\"widget\" data-widget_type=\"image.default\">\n\t\t\t\t<div class=\"elementor-widget-container\">\n\t\t\t\t\t\t\t\t\t\t\t\t\t<img decoding=\"async\" src=\"https:\/\/www.forus.fi\/wp-content\/uploads\/elementor\/thumbs\/Norsu-Forus-pyux78cir5awzhef3owkwcqsf327i0tmp40llcgvxc.jpeg\" title=\"Norsu Forus\" alt=\"Norsu Forus\" loading=\"lazy\" \/>\t\t\t\t\t\t\t\t\t\t\t\t\t<\/div>\n\t\t\t\t<\/div>\n\t\t\t\t<div class=\"elementor-element elementor-element-6ba58a9 elementor-widget elementor-widget-heading\" data-id=\"6ba58a9\" data-element_type=\"widget\" data-widget_type=\"heading.default\">\n\t\t\t\t<div class=\"elementor-widget-container\">\n\t\t\t<h3 class=\"elementor-heading-title elementor-size-default\">Norsut - Maailman ekologisimmat mets\u00e4nhoitajat <\/h3>\t\t<\/div>\n\t\t\t\t<\/div>\n\t\t\t\t<div class=\"elementor-element elementor-element-9702e5f elementor-widget elementor-widget-button\" data-id=\"9702e5f\" data-element_type=\"widget\" data-widget_type=\"button.default\">\n\t\t\t\t<div class=\"elementor-widget-container\">\n\t\t\t\t\t\t\t<div class=\"elementor-button-wrapper\">\n\t\t\t\t\t<a class=\"elementor-button elementor-button-link elementor-size-sm\" href=\"https:\/\/www.forus.fi\/ajankohtaista\/maailman-ekologisimmat-metsanhoitajat\/\">\n\t\t\t\t\t\t<span class=\"elementor-button-content-wrapper\">\n\t\t\t\t\t\t<span class=\"elementor-button-icon\">\n\t\t\t\t<svg xmlns=\"http:\/\/www.w3.org\/2000\/svg\" id=\"Layer_2\" viewBox=\"0 0 253.98 121.06\"><g id=\"Layer_1-2\"><g><path d=\"M138.46,31.94l-34.33,8.51c-6.2-9.16-17.5-13.59-31.87-13.54-22.25,.08-37.04,10.81-36.96,33.11l.17,49.87c.02,6.12-4.93,11.11-11.06,11.13l-13.1,.04c-6.12,.02-11.11-4.93-11.13-11.05L0,60.14C-.13,20.75,28.86,.72,72.16,.58c14.36-.05,27.16,2.13,37.86,6.48,12.78,5.21,22.57,13.52,28.44,24.88Z\"><\/path><path d=\"M253.81,11.06l.17,49.87c.13,39.15-28.87,59.4-72.16,59.55-14.37,.05-27.18-2.1-37.88-6.44-20.1-8.14-32.78-23.97-34.48-47.39v-2.16s35.08-8.7,35.08-8.7l.02,5.51c0,1.4,.07,2.74,.19,4.05,1.77,19.54,16.14,28.87,36.99,28.8,22.24-.08,37.03-10.8,36.96-33.1l-.17-49.87c-.02-6.13,4.93-11.12,11.06-11.14L242.67,0c6.13-.02,11.12,4.93,11.14,11.06Z\"><\/path><\/g><\/g><\/svg>\t\t\t<\/span>\n\t\t\t\t\t\t\t\t\t<span class=\"elementor-button-text\">Lue lis\u00e4\u00e4<\/span>\n\t\t\t\t\t<\/span>\n\t\t\t\t\t<\/a>\n\t\t\t\t<\/div>\n\t\t\t\t\t\t<\/div>\n\t\t\t\t<\/div>\n\t\t\t\t\t<\/div>\n\t\t<\/div>\n\t\t\t\t\t<\/div>\n\t\t<\/section>\n\t\t\t\t\t<\/div>\n\t\t<\/div>\n\t\t\t\t\t<\/div>\n\t\t<\/section>\n\t\t\t\t<\/div>\n\t\t","protected":false},"excerpt":{"rendered":"<p>Hiilen talteenotto Miten kasvava hiilidioksidin m\u00e4\u00e4r\u00e4 vaikuttaa meid\u00e4n fyysiseen ja psyykkiseen terveyteemme? Ennen teollisen aikakauden alkua maapallon ilmakeh\u00e4ss\u00e4 oli 280 miljoonasosaa (ppm) hiilidioksidia. Vuonna 2021 m\u00e4\u00e4r\u00e4 oli jo 419 miljoonasosaa. Kansainv\u00e4linen ilmastopolitiikka l\u00e4htee siit\u00e4, ettei ilmakeh\u00e4n hiilidioksidipitoisuus saisi nousta 450 ppm:\u00e4\u00e4 ylemm\u00e4s. Maailman tunnetuimman ilmastotutkijan, pitk\u00e4\u00e4n Nasassa vaikuttaneen James Hansenin mukaan t\u00e4m\u00e4 ei ole riitt\u00e4v\u00e4 [&hellip;]<\/p>\n","protected":false},"author":4,"featured_media":0,"parent":1488,"menu_order":0,"comment_status":"closed","ping_status":"closed","template":"","meta":{"footnotes":""},"class_list":["post-1849","page","type-page","status-publish","hentry"],"yoast_head":"<!-- This site is optimized with the Yoast SEO plugin v23.8 - https:\/\/yoast.com\/wordpress\/plugins\/seo\/ -->\n<title>Miten kasvava hiilidioksidin m\u00e4\u00e4r\u00e4 vaikuttaa meid\u00e4n fyysiseen ja psyykkiseen terveyteemme? - Forus<\/title>\n<meta name=\"robots\" content=\"index, follow, max-snippet:-1, max-image-preview:large, max-video-preview:-1\" \/>\n<link rel=\"canonical\" href=\"https:\/\/www.forus.fi\/fi\/ajankohtaista\/miten-kasvava-hiilidioksidin-maara-vaikuttaa-meidan-fyysiseen-ja-psyykkiseen-terveyteemme\/\" \/>\n<meta property=\"og:locale\" content=\"fi_FI\" \/>\n<meta property=\"og:type\" content=\"article\" \/>\n<meta property=\"og:title\" content=\"Miten kasvava hiilidioksidin m\u00e4\u00e4r\u00e4 vaikuttaa meid\u00e4n fyysiseen ja psyykkiseen terveyteemme? - Forus\" \/>\n<meta property=\"og:description\" content=\"Hiilen talteenotto Miten kasvava hiilidioksidin m\u00e4\u00e4r\u00e4 vaikuttaa meid\u00e4n fyysiseen ja psyykkiseen terveyteemme? Ennen teollisen aikakauden alkua maapallon ilmakeh\u00e4ss\u00e4 oli 280 miljoonasosaa (ppm) hiilidioksidia. Vuonna 2021 m\u00e4\u00e4r\u00e4 oli jo 419 miljoonasosaa. Kansainv\u00e4linen ilmastopolitiikka l\u00e4htee siit\u00e4, ettei ilmakeh\u00e4n hiilidioksidipitoisuus saisi nousta 450 ppm:\u00e4\u00e4 ylemm\u00e4s. Maailman tunnetuimman ilmastotutkijan, pitk\u00e4\u00e4n Nasassa vaikuttaneen James Hansenin mukaan t\u00e4m\u00e4 ei ole riitt\u00e4v\u00e4 [&hellip;]\" \/>\n<meta property=\"og:url\" content=\"https:\/\/www.forus.fi\/fi\/ajankohtaista\/miten-kasvava-hiilidioksidin-maara-vaikuttaa-meidan-fyysiseen-ja-psyykkiseen-terveyteemme\/\" \/>\n<meta property=\"og:site_name\" content=\"Forus\" \/>\n<meta property=\"article:modified_time\" content=\"2022-12-15T19:34:54+00:00\" \/>\n<meta property=\"og:image\" content=\"https:\/\/www.forus.fi\/wp-content\/uploads\/elementor\/thumbs\/Suot-Forus-pyux3w16gcq7pe96m8wc173sdrj84rjzkkig5xfa1s.jpeg\" \/>\n<meta name=\"twitter:card\" content=\"summary_large_image\" \/>\n<meta name=\"twitter:label1\" content=\"Arvioitu lukuaika\" \/>\n\t<meta name=\"twitter:data1\" content=\"3 minuuttia\" \/>\n<script type=\"application\/ld+json\" class=\"yoast-schema-graph\">{\"@context\":\"https:\/\/schema.org\",\"@graph\":[{\"@type\":\"WebPage\",\"@id\":\"https:\/\/www.forus.fi\/ajankohtaista\/miten-kasvava-hiilidioksidin-maara-vaikuttaa-meidan-fyysiseen-ja-psyykkiseen-terveyteemme\/\",\"url\":\"https:\/\/www.forus.fi\/ajankohtaista\/miten-kasvava-hiilidioksidin-maara-vaikuttaa-meidan-fyysiseen-ja-psyykkiseen-terveyteemme\/\",\"name\":\"Miten kasvava hiilidioksidin m\u00e4\u00e4r\u00e4 vaikuttaa meid\u00e4n fyysiseen ja psyykkiseen terveyteemme? - Forus\",\"isPartOf\":{\"@id\":\"https:\/\/www.forus.fi\/fi\/#website\"},\"primaryImageOfPage\":{\"@id\":\"https:\/\/www.forus.fi\/ajankohtaista\/miten-kasvava-hiilidioksidin-maara-vaikuttaa-meidan-fyysiseen-ja-psyykkiseen-terveyteemme\/#primaryimage\"},\"image\":{\"@id\":\"https:\/\/www.forus.fi\/ajankohtaista\/miten-kasvava-hiilidioksidin-maara-vaikuttaa-meidan-fyysiseen-ja-psyykkiseen-terveyteemme\/#primaryimage\"},\"thumbnailUrl\":\"https:\/\/www.forus.fi\/wp-content\/uploads\/elementor\/thumbs\/Suot-Forus-pyux3w16gcq7pe96m8wc173sdrj84rjzkkig5xfa1s.jpeg\",\"datePublished\":\"2022-12-08T11:21:49+00:00\",\"dateModified\":\"2022-12-15T19:34:54+00:00\",\"breadcrumb\":{\"@id\":\"https:\/\/www.forus.fi\/ajankohtaista\/miten-kasvava-hiilidioksidin-maara-vaikuttaa-meidan-fyysiseen-ja-psyykkiseen-terveyteemme\/#breadcrumb\"},\"inLanguage\":\"fi\",\"potentialAction\":[{\"@type\":\"ReadAction\",\"target\":[\"https:\/\/www.forus.fi\/ajankohtaista\/miten-kasvava-hiilidioksidin-maara-vaikuttaa-meidan-fyysiseen-ja-psyykkiseen-terveyteemme\/\"]}]},{\"@type\":\"ImageObject\",\"inLanguage\":\"fi\",\"@id\":\"https:\/\/www.forus.fi\/ajankohtaista\/miten-kasvava-hiilidioksidin-maara-vaikuttaa-meidan-fyysiseen-ja-psyykkiseen-terveyteemme\/#primaryimage\",\"url\":\"https:\/\/www.forus.fi\/wp-content\/uploads\/elementor\/thumbs\/Suot-Forus-pyux3w16gcq7pe96m8wc173sdrj84rjzkkig5xfa1s.jpeg\",\"contentUrl\":\"https:\/\/www.forus.fi\/wp-content\/uploads\/elementor\/thumbs\/Suot-Forus-pyux3w16gcq7pe96m8wc173sdrj84rjzkkig5xfa1s.jpeg\"},{\"@type\":\"BreadcrumbList\",\"@id\":\"https:\/\/www.forus.fi\/ajankohtaista\/miten-kasvava-hiilidioksidin-maara-vaikuttaa-meidan-fyysiseen-ja-psyykkiseen-terveyteemme\/#breadcrumb\",\"itemListElement\":[{\"@type\":\"ListItem\",\"position\":1,\"name\":\"Etusivu\",\"item\":\"https:\/\/www.forus.fi\/\"},{\"@type\":\"ListItem\",\"position\":2,\"name\":\"Ajankohtaista\",\"item\":\"https:\/\/www.forus.fi\/ajankohtaista\/\"},{\"@type\":\"ListItem\",\"position\":3,\"name\":\"Miten kasvava hiilidioksidin m\u00e4\u00e4r\u00e4 vaikuttaa meid\u00e4n fyysiseen ja psyykkiseen terveyteemme?\"}]},{\"@type\":\"WebSite\",\"@id\":\"https:\/\/www.forus.fi\/fi\/#website\",\"url\":\"https:\/\/www.forus.fi\/fi\/\",\"name\":\"Forus\",\"description\":\"Pys\u00e4yt\u00e4mme ilmastokatastrofin kannattavasti\",\"publisher\":{\"@id\":\"https:\/\/www.forus.fi\/fi\/#organization\"},\"potentialAction\":[{\"@type\":\"SearchAction\",\"target\":{\"@type\":\"EntryPoint\",\"urlTemplate\":\"https:\/\/www.forus.fi\/fi\/?s={search_term_string}\"},\"query-input\":{\"@type\":\"PropertyValueSpecification\",\"valueRequired\":true,\"valueName\":\"search_term_string\"}}],\"inLanguage\":\"fi\"},{\"@type\":\"Organization\",\"@id\":\"https:\/\/www.forus.fi\/fi\/#organization\",\"name\":\"Forus Oy\",\"url\":\"https:\/\/www.forus.fi\/fi\/\",\"logo\":{\"@type\":\"ImageObject\",\"inLanguage\":\"fi\",\"@id\":\"https:\/\/www.forus.fi\/fi\/#\/schema\/logo\/image\/\",\"url\":\"https:\/\/www.forus.fi\/wp-content\/uploads\/2019\/10\/cropped-forus_512x512-01.jpg\",\"contentUrl\":\"https:\/\/www.forus.fi\/wp-content\/uploads\/2019\/10\/cropped-forus_512x512-01.jpg\",\"width\":512,\"height\":512,\"caption\":\"Forus Oy\"},\"image\":{\"@id\":\"https:\/\/www.forus.fi\/fi\/#\/schema\/logo\/image\/\"},\"sameAs\":[\"https:\/\/www.linkedin.com\/company\/forus-oy\"]}]}<\/script>\n<!-- \/ Yoast SEO plugin. -->","yoast_head_json":{"title":"Miten kasvava hiilidioksidin m\u00e4\u00e4r\u00e4 vaikuttaa meid\u00e4n fyysiseen ja psyykkiseen terveyteemme? - Forus","robots":{"index":"index","follow":"follow","max-snippet":"max-snippet:-1","max-image-preview":"max-image-preview:large","max-video-preview":"max-video-preview:-1"},"canonical":"https:\/\/www.forus.fi\/fi\/ajankohtaista\/miten-kasvava-hiilidioksidin-maara-vaikuttaa-meidan-fyysiseen-ja-psyykkiseen-terveyteemme\/","og_locale":"fi_FI","og_type":"article","og_title":"Miten kasvava hiilidioksidin m\u00e4\u00e4r\u00e4 vaikuttaa meid\u00e4n fyysiseen ja psyykkiseen terveyteemme? - Forus","og_description":"Hiilen talteenotto Miten kasvava hiilidioksidin m\u00e4\u00e4r\u00e4 vaikuttaa meid\u00e4n fyysiseen ja psyykkiseen terveyteemme? Ennen teollisen aikakauden alkua maapallon ilmakeh\u00e4ss\u00e4 oli 280 miljoonasosaa (ppm) hiilidioksidia. Vuonna 2021 m\u00e4\u00e4r\u00e4 oli jo 419 miljoonasosaa. Kansainv\u00e4linen ilmastopolitiikka l\u00e4htee siit\u00e4, ettei ilmakeh\u00e4n hiilidioksidipitoisuus saisi nousta 450 ppm:\u00e4\u00e4 ylemm\u00e4s. Maailman tunnetuimman ilmastotutkijan, pitk\u00e4\u00e4n Nasassa vaikuttaneen James Hansenin mukaan t\u00e4m\u00e4 ei ole riitt\u00e4v\u00e4 [&hellip;]","og_url":"https:\/\/www.forus.fi\/fi\/ajankohtaista\/miten-kasvava-hiilidioksidin-maara-vaikuttaa-meidan-fyysiseen-ja-psyykkiseen-terveyteemme\/","og_site_name":"Forus","article_modified_time":"2022-12-15T19:34:54+00:00","og_image":[{"url":"https:\/\/www.forus.fi\/wp-content\/uploads\/elementor\/thumbs\/Suot-Forus-pyux3w16gcq7pe96m8wc173sdrj84rjzkkig5xfa1s.jpeg"}],"twitter_card":"summary_large_image","twitter_misc":{"Arvioitu lukuaika":"3 minuuttia"},"schema":{"@context":"https:\/\/schema.org","@graph":[{"@type":"WebPage","@id":"https:\/\/www.forus.fi\/ajankohtaista\/miten-kasvava-hiilidioksidin-maara-vaikuttaa-meidan-fyysiseen-ja-psyykkiseen-terveyteemme\/","url":"https:\/\/www.forus.fi\/ajankohtaista\/miten-kasvava-hiilidioksidin-maara-vaikuttaa-meidan-fyysiseen-ja-psyykkiseen-terveyteemme\/","name":"Miten kasvava hiilidioksidin m\u00e4\u00e4r\u00e4 vaikuttaa meid\u00e4n fyysiseen ja psyykkiseen terveyteemme? - Forus","isPartOf":{"@id":"https:\/\/www.forus.fi\/fi\/#website"},"primaryImageOfPage":{"@id":"https:\/\/www.forus.fi\/ajankohtaista\/miten-kasvava-hiilidioksidin-maara-vaikuttaa-meidan-fyysiseen-ja-psyykkiseen-terveyteemme\/#primaryimage"},"image":{"@id":"https:\/\/www.forus.fi\/ajankohtaista\/miten-kasvava-hiilidioksidin-maara-vaikuttaa-meidan-fyysiseen-ja-psyykkiseen-terveyteemme\/#primaryimage"},"thumbnailUrl":"https:\/\/www.forus.fi\/wp-content\/uploads\/elementor\/thumbs\/Suot-Forus-pyux3w16gcq7pe96m8wc173sdrj84rjzkkig5xfa1s.jpeg","datePublished":"2022-12-08T11:21:49+00:00","dateModified":"2022-12-15T19:34:54+00:00","breadcrumb":{"@id":"https:\/\/www.forus.fi\/ajankohtaista\/miten-kasvava-hiilidioksidin-maara-vaikuttaa-meidan-fyysiseen-ja-psyykkiseen-terveyteemme\/#breadcrumb"},"inLanguage":"fi","potentialAction":[{"@type":"ReadAction","target":["https:\/\/www.forus.fi\/ajankohtaista\/miten-kasvava-hiilidioksidin-maara-vaikuttaa-meidan-fyysiseen-ja-psyykkiseen-terveyteemme\/"]}]},{"@type":"ImageObject","inLanguage":"fi","@id":"https:\/\/www.forus.fi\/ajankohtaista\/miten-kasvava-hiilidioksidin-maara-vaikuttaa-meidan-fyysiseen-ja-psyykkiseen-terveyteemme\/#primaryimage","url":"https:\/\/www.forus.fi\/wp-content\/uploads\/elementor\/thumbs\/Suot-Forus-pyux3w16gcq7pe96m8wc173sdrj84rjzkkig5xfa1s.jpeg","contentUrl":"https:\/\/www.forus.fi\/wp-content\/uploads\/elementor\/thumbs\/Suot-Forus-pyux3w16gcq7pe96m8wc173sdrj84rjzkkig5xfa1s.jpeg"},{"@type":"BreadcrumbList","@id":"https:\/\/www.forus.fi\/ajankohtaista\/miten-kasvava-hiilidioksidin-maara-vaikuttaa-meidan-fyysiseen-ja-psyykkiseen-terveyteemme\/#breadcrumb","itemListElement":[{"@type":"ListItem","position":1,"name":"Etusivu","item":"https:\/\/www.forus.fi\/"},{"@type":"ListItem","position":2,"name":"Ajankohtaista","item":"https:\/\/www.forus.fi\/ajankohtaista\/"},{"@type":"ListItem","position":3,"name":"Miten kasvava hiilidioksidin m\u00e4\u00e4r\u00e4 vaikuttaa meid\u00e4n fyysiseen ja psyykkiseen terveyteemme?"}]},{"@type":"WebSite","@id":"https:\/\/www.forus.fi\/fi\/#website","url":"https:\/\/www.forus.fi\/fi\/","name":"Forus","description":"Pys\u00e4yt\u00e4mme ilmastokatastrofin kannattavasti","publisher":{"@id":"https:\/\/www.forus.fi\/fi\/#organization"},"potentialAction":[{"@type":"SearchAction","target":{"@type":"EntryPoint","urlTemplate":"https:\/\/www.forus.fi\/fi\/?s={search_term_string}"},"query-input":{"@type":"PropertyValueSpecification","valueRequired":true,"valueName":"search_term_string"}}],"inLanguage":"fi"},{"@type":"Organization","@id":"https:\/\/www.forus.fi\/fi\/#organization","name":"Forus Oy","url":"https:\/\/www.forus.fi\/fi\/","logo":{"@type":"ImageObject","inLanguage":"fi","@id":"https:\/\/www.forus.fi\/fi\/#\/schema\/logo\/image\/","url":"https:\/\/www.forus.fi\/wp-content\/uploads\/2019\/10\/cropped-forus_512x512-01.jpg","contentUrl":"https:\/\/www.forus.fi\/wp-content\/uploads\/2019\/10\/cropped-forus_512x512-01.jpg","width":512,"height":512,"caption":"Forus Oy"},"image":{"@id":"https:\/\/www.forus.fi\/fi\/#\/schema\/logo\/image\/"},"sameAs":["https:\/\/www.linkedin.com\/company\/forus-oy"]}]}},"_links":{"self":[{"href":"https:\/\/www.forus.fi\/fi\/wp-json\/wp\/v2\/pages\/1849","targetHints":{"allow":["GET"]}}],"collection":[{"href":"https:\/\/www.forus.fi\/fi\/wp-json\/wp\/v2\/pages"}],"about":[{"href":"https:\/\/www.forus.fi\/fi\/wp-json\/wp\/v2\/types\/page"}],"author":[{"embeddable":true,"href":"https:\/\/www.forus.fi\/fi\/wp-json\/wp\/v2\/users\/4"}],"replies":[{"embeddable":true,"href":"https:\/\/www.forus.fi\/fi\/wp-json\/wp\/v2\/comments?post=1849"}],"version-history":[{"count":16,"href":"https:\/\/www.forus.fi\/fi\/wp-json\/wp\/v2\/pages\/1849\/revisions"}],"predecessor-version":[{"id":2390,"href":"https:\/\/www.forus.fi\/fi\/wp-json\/wp\/v2\/pages\/1849\/revisions\/2390"}],"up":[{"embeddable":true,"href":"https:\/\/www.forus.fi\/fi\/wp-json\/wp\/v2\/pages\/1488"}],"wp:attachment":[{"href":"https:\/\/www.forus.fi\/fi\/wp-json\/wp\/v2\/media?parent=1849"}],"curies":[{"name":"wp","href":"https:\/\/api.w.org\/{rel}","templated":true}]}}